{"id":51,"date":"2025-04-23T13:58:05","date_gmt":"2025-04-23T11:58:05","guid":{"rendered":"https:\/\/yogcham-sangh-asso.fr\/?page_id=51"},"modified":"2026-04-26T20:51:56","modified_gmt":"2026-04-26T18:51:56","slug":"evenements-en-presentiel","status":"publish","type":"page","link":"https:\/\/yogcham-sangh-asso.fr\/index.php\/evenements-en-presentiel\/","title":{"rendered":"Ev\u00e9nements en Pr\u00e9sentiel"},"content":{"rendered":"\n<h2 class=\"wp-block-heading\">Weekend au Lac du Der &#8211; Sam 19 sept Dim 20 sept 2026 &#8211; Marne 51<\/h2>\n\n\n<div class=\"wp-block-image\">\n<figure class=\"aligncenter size-large is-resized\"><img loading=\"lazy\" decoding=\"async\" width=\"1024\" height=\"768\" src=\"https:\/\/yogcham-sangh-asso.fr\/wp-content\/uploads\/2026\/04\/LAC-DU-DER-we-ysa-1-1024x768.jpeg\" alt=\"\" class=\"wp-image-319\" style=\"width:369px;height:auto\" srcset=\"https:\/\/yogcham-sangh-asso.fr\/wp-content\/uploads\/2026\/04\/LAC-DU-DER-we-ysa-1-1024x768.jpeg 1024w, https:\/\/yogcham-sangh-asso.fr\/wp-content\/uploads\/2026\/04\/LAC-DU-DER-we-ysa-1-300x225.jpeg 300w, https:\/\/yogcham-sangh-asso.fr\/wp-content\/uploads\/2026\/04\/LAC-DU-DER-we-ysa-1-768x576.jpeg 768w, https:\/\/yogcham-sangh-asso.fr\/wp-content\/uploads\/2026\/04\/LAC-DU-DER-we-ysa-1-1536x1152.jpeg 1536w, https:\/\/yogcham-sangh-asso.fr\/wp-content\/uploads\/2026\/04\/LAC-DU-DER-we-ysa-1.jpeg 2016w\" sizes=\"auto, (max-width: 1024px) 100vw, 1024px\" \/><\/figure>\n<\/div>\n\n\n<p><em>Week-end Nature au Lac du Der &#8211; 18 &amp; 19 septembre 2026<\/em><\/p>\n\n\n\n<p>La proposition : un week-end tout en douceur en nature, au Lac du Der-Chantecoq (51)<\/p>\n\n\n\n<p>Au programme : Caroline nous fera d\u00e9couvrir un lieu et une pratique qu&rsquo;elle affectionne particuli\u00e8rement \u00e0 travers le bain de for\u00eat. Beno\u00eet nous proposera une randonn\u00e9e \u00e0 travers les chemins du lac et des espaces naturels environnants<\/p>\n\n\n\n<p>L\u2019id\u00e9e : partager des moments simples pour se reconnecter \u00e0 soi, aux autres et \u00e0 la nature.<\/p>\n\n\n\n<p>Nous envisageons la possibilit\u00e9 de passer la nuit en camping pour profiter de l\u2019exp\u00e9rience.<\/p>\n\n\n\n<p>D&rsquo;autres temps s&rsquo;ajouteront au fil de la cocreation de ce joyeux week-end!<\/p>\n\n\n\n<p><\/p>\n\n\n\n<h2 class=\"wp-block-heading\">PARIS Anniversaire 1 an YSA &#8211; Sam 6 Juin 2026 &#8211; pique-nique et expo<\/h2>\n\n\n<div class=\"wp-block-image\">\n<figure class=\"aligncenter size-large is-resized\"><img loading=\"lazy\" decoding=\"async\" width=\"1024\" height=\"718\" src=\"https:\/\/yogcham-sangh-asso.fr\/wp-content\/uploads\/2026\/04\/WhatsApp-Image-2026-04-23-at-18.20.18-1024x718.jpeg\" alt=\"\" class=\"wp-image-284\" style=\"aspect-ratio:1.4261944378416924;width:329px;height:auto\" srcset=\"https:\/\/yogcham-sangh-asso.fr\/wp-content\/uploads\/2026\/04\/WhatsApp-Image-2026-04-23-at-18.20.18-1024x718.jpeg 1024w, https:\/\/yogcham-sangh-asso.fr\/wp-content\/uploads\/2026\/04\/WhatsApp-Image-2026-04-23-at-18.20.18-300x210.jpeg 300w, https:\/\/yogcham-sangh-asso.fr\/wp-content\/uploads\/2026\/04\/WhatsApp-Image-2026-04-23-at-18.20.18-768x539.jpeg 768w, https:\/\/yogcham-sangh-asso.fr\/wp-content\/uploads\/2026\/04\/WhatsApp-Image-2026-04-23-at-18.20.18-1536x1077.jpeg 1536w, https:\/\/yogcham-sangh-asso.fr\/wp-content\/uploads\/2026\/04\/WhatsApp-Image-2026-04-23-at-18.20.18.jpeg 2048w\" sizes=\"auto, (max-width: 1024px) 100vw, 1024px\" \/><\/figure>\n<\/div>\n\n\n<p><em>Journ\u00e9e anniversaire YSA- samedi 6 juin 2026 \u00e0 Paris<\/em><\/p>\n\n\n\n<p>YSA c\u00e9l\u00e8bre son premier anniversaire et invite ses membres \u00e0 une journ\u00e9e \u00e0 vivre en entier ou en partie.<\/p>\n\n\n\n<p>\ud83c\udf3f Pique-nique au Jardin du Luxembourg \u00e0 partir de 12h. Chacun pourra apporter de quoi grignoter (plan B pr\u00e9vu en cas de mauvais temps)<\/p>\n\n\n\n<p>\ud83c\udfa8 Visite de l\u2019exposition consacr\u00e9e \u00e0 Leonora Carrington au mus\u00e9e du Luxembourg \u00e0 14H30. <\/p>\n\n\n\n<p>Leonora Carrington est artiste surr\u00e9aliste \u00e0 l&rsquo;univers peupl\u00e9 de cr\u00e9atures \u00e9tranges, de symboles et de r\u00e9f\u00e9rences mythologiques : onirique, po\u00e9tique\u2026 chamanique\u2026 Cette visite sera guid\u00e9e par un conf\u00e9rencier qui nous en r\u00e9v\u00e8lera toutes les profondeurs.<\/p>\n\n\n\n<p>Pens\u00e9e comme un moment convivial, cette rencontre refl\u00e8te l\u2019esprit d\u2019YSA : cr\u00e9er du lien, nourrir la curiosit\u00e9 et c\u00e9l\u00e9brer ensemble. Nous esp\u00e9rons vous y retrouver nombreux.<\/p>\n\n\n\n<p>Petit PLUS YSA : L\u2019exposition est offerte par l\u2019association<\/p>\n\n\n\n<p><\/p>\n\n\n\n<h2 class=\"wp-block-heading\">Week-end de Printemps YSA \u00ab\u00a0Porte ouverte\u00a0\u00bb &#8211; Sam 28 Dim 29 mars 2026 &#8211; Marne 51<\/h2>\n\n\n<div class=\"wp-block-image\">\n<figure class=\"aligncenter size-large is-resized\"><img loading=\"lazy\" decoding=\"async\" width=\"731\" height=\"1024\" src=\"https:\/\/yogcham-sangh-asso.fr\/wp-content\/uploads\/2026\/04\/IMAGE-YSA-PORTE-OUVERTE-731x1024.jpg\" alt=\"\" class=\"wp-image-288\" style=\"aspect-ratio:0.7138719418253529;width:174px;height:auto\" srcset=\"https:\/\/yogcham-sangh-asso.fr\/wp-content\/uploads\/2026\/04\/IMAGE-YSA-PORTE-OUVERTE-731x1024.jpg 731w, https:\/\/yogcham-sangh-asso.fr\/wp-content\/uploads\/2026\/04\/IMAGE-YSA-PORTE-OUVERTE-214x300.jpg 214w, https:\/\/yogcham-sangh-asso.fr\/wp-content\/uploads\/2026\/04\/IMAGE-YSA-PORTE-OUVERTE.jpg 754w\" sizes=\"auto, (max-width: 731px) 100vw, 731px\" \/><\/figure>\n<\/div>\n\n\n<p><em>Week-end \u00ab&nbsp;Portes Ouvertes&nbsp;\u00bb YSA \u2013 28 &amp; 29 mars<\/em> 2026<\/p>\n\n\n\n<p>YSA propose un week-end de pratiques et de partage \u00e0 Maisons en Champagne&nbsp;: du yoga, de la cr\u00e9ativit\u00e9 et de la voix.<\/p>\n\n\n\n<p>\ud83c\udf38 Samedi 28 mars<\/p>\n\n\n\n<p>La journ\u00e9e d\u00e9butera \u00e0 9h45. Le matin sera consacr\u00e9 \u00e0 un atelier de yoga et d\u2019ayurveda autour du th\u00e8me \u201c\u00c9pices et digestion\u201d, accessible \u00e0 tous les niveaux. Un d\u00e9jeuner offert par YSA (Dahl &amp; riz) sera propos\u00e9 \u00e0 midi.<\/p>\n\n\n\n<p>L\u2019apr\u00e8s-midi sera d\u00e9di\u00e9e \u00e0 des explorations cr\u00e9atives avec un atelier chamanico-cr\u00e9atif, suivi d\u2019un atelier voix.<\/p>\n\n\n\n<p>La journ\u00e9e se cl\u00f4turera par un d\u00eener partag\u00e9.<\/p>\n\n\n\n<p>\ud83c\udf38 Dimanche 29 mars, une matin\u00e9e de pratique de Hatha Yoga sera propos\u00e9e de 10h \u00e0 11h30.<\/p>\n\n\n\n<p>Ce week-end est avant tout un moment o\u00f9 chacun peut venir \u00e0 son rythme et participer selon ses envies, o\u00f9 le ressourcement et le plaisir de d\u00e9couvrir ensemble seront la cl\u00e9 d&rsquo;une Joie partag\u00e9e.<\/p>\n\n\n\n<p>La participation est de 10 \u20ac pour les membres YSA et 20 \u20ac pour les non-membres.<\/p>\n\n\n\n<p>Un h\u00e9bergement est possible sur place ou \u00e0 proximit\u00e9, dans la limite des places disponibles.<\/p>\n\n\n\n<p><\/p>\n\n\n\n<h2 class=\"wp-block-heading\">Randonn\u00e9e, Tambours &amp; Contes &#8211; Sam 13 sept 25 &#8211; Marne 51<\/h2>\n\n\n\n<figure class=\"wp-block-image size-large\"><img loading=\"lazy\" decoding=\"async\" width=\"1024\" height=\"576\" src=\"https:\/\/yogcham-sangh-asso.fr\/wp-content\/uploads\/2025\/07\/YSA-presentiel-sept25-1024x576.jpg\" alt=\"\" class=\"wp-image-246\" srcset=\"https:\/\/yogcham-sangh-asso.fr\/wp-content\/uploads\/2025\/07\/YSA-presentiel-sept25-1024x576.jpg 1024w, https:\/\/yogcham-sangh-asso.fr\/wp-content\/uploads\/2025\/07\/YSA-presentiel-sept25-300x169.jpg 300w, https:\/\/yogcham-sangh-asso.fr\/wp-content\/uploads\/2025\/07\/YSA-presentiel-sept25-768x432.jpg 768w, https:\/\/yogcham-sangh-asso.fr\/wp-content\/uploads\/2025\/07\/YSA-presentiel-sept25.jpg 1280w\" sizes=\"auto, (max-width: 1024px) 100vw, 1024px\" \/><\/figure>\n\n\n\n<p><em>Rando, Tambours et Contes &#8211; Samedi 13 septembre 2025 &#8211; Marne (51)<\/em><\/p>\n\n\n\n<p>Avec cette apr\u00e8s-midi et soir\u00e9e, YSA tend \u00e0 proposer un espace et un temps de partage en lien avec la nature, le mouvement mais aussi la vibration et la tradition de la transmission orale via le conte.<\/p>\n\n\n\n<p>L\u2019apr\u00e8s-midi, nous irons en randonn\u00e9e, avec un passage pr\u00e9vu par un lieu sacr\u00e9, suivie de chants spontan\u00e9s.<\/p>\n\n\n\n<p>Un repas partag\u00e9 viendra prolonger ce moment convivial.<\/p>\n\n\n\n<p>En soir\u00e9e, nous nous retrouverons autour du feu pour faire r\u00e9sonner les tambours et partager les contes.<\/p>\n\n\n\n<p>La participation n\u00e9cessite une inscription pr\u00e9alable.<\/p>\n\n\n\n<p>Un h\u00e9bergement est possible sur place, avec arriv\u00e9e d\u00e8s le vendredi et d\u00e9part le dimanche.<\/p>\n\n\n\n<p>Les d\u00e9tails pratiques (lieu de rendez-vous, horaires, organisation) seront pr\u00e9cis\u00e9s au cours de l\u2019\u00e9t\u00e9.<\/p>\n\n\n\n<p><\/p>\n\n\n\n<h2 class=\"wp-block-heading\">Concert de Ir\u00e8ne Dresel au Zenith de Paris le 21 Novembre 2025:<\/h2>\n\n\n\n<p>Billetterie FNAC:<a href=\"https:\/\/www.fnacspectacles.com\/event\/irene-dresel-zenith-paris-la-villette-19569967\/?srsltid=AfmBOorgBc6qgM744sJ-YJaxftFspZSHH1BPFya9ru6oVpkcSYtQLTwg\">https:\/\/www.fnacspectacles.com\/event\/irene-dresel-zenith-paris-la-villette-19569967\/?srsltid=AfmBOorgBc6qgM744sJ-YJaxftFspZSHH1BPFya9ru6oVpkcSYtQLTwg<\/a><\/p>\n\n\n<div class=\"wp-block-image\">\n<figure class=\"aligncenter size-full\"><img loading=\"lazy\" decoding=\"async\" width=\"300\" height=\"168\" src=\"https:\/\/yogcham-sangh-asso.fr\/wp-content\/uploads\/2025\/04\/image.png\" alt=\"\" class=\"wp-image-89\"\/><\/figure>\n<\/div>\n\n\n<p><\/p>\n\n\n\n<figure class=\"wp-block-embed is-type-wp-embed is-provider-y-s-a-yog-amp-cham-sangh-asso wp-block-embed-y-s-a-yog-amp-cham-sangh-asso\"><div class=\"wp-block-embed__wrapper\">\n<blockquote class=\"wp-embedded-content\" data-secret=\"ehqKJRdRa8\"><a href=\"https:\/\/yogcham-sangh-asso.fr\/index.php\/2025\/04\/25\/cercle-de-tambours-et-cacao-24mai-maisons-en-champagne-51\/\">Cercle de tambours et Cacao &#8211; 24mai -Maisons-en-Champagne (51)<\/a><\/blockquote><iframe loading=\"lazy\" class=\"wp-embedded-content\" sandbox=\"allow-scripts\" security=\"restricted\" style=\"position: absolute; visibility: hidden;\" title=\"\u00ab\u00a0Cercle de tambours et Cacao &#8211; 24mai -Maisons-en-Champagne (51)\u00a0\u00bb &#8212; Y S A - Yog&amp;cham Sangh Asso\" src=\"https:\/\/yogcham-sangh-asso.fr\/index.php\/2025\/04\/25\/cercle-de-tambours-et-cacao-24mai-maisons-en-champagne-51\/embed\/#?secret=8Y0ig3xy3Y#?secret=ehqKJRdRa8\" data-secret=\"ehqKJRdRa8\" width=\"600\" height=\"338\" frameborder=\"0\" marginwidth=\"0\" marginheight=\"0\" scrolling=\"no\"><\/iframe>\n<\/div><\/figure>\n\n\n\n<p><\/p>\n\n\n\n<h2 class=\"wp-block-heading\">Les Stages \u00e0 Lizieres (02400) et les Retraites \u00e0 Sainte-Orse (24210):<\/h2>\n\n\n\n<p><\/p>\n\n\n\n<p><strong>Note importante: <\/strong><\/p>\n\n\n\n<p>Ces stages sont propos\u00e9s par Pierre Mendras et Sandrine Rossarie hors du cadre de l&rsquo;association Yog&amp;cham Sangh Asso qui est une association de loi 1901 \u00e0 but non lucratif.<\/p>\n\n\n\n<p> Ils constituent n\u00e9anmoins une porte d&rsquo;entr\u00e9e dans l&rsquo;univers du yoga et du chamanisme avec la possibilit\u00e9 de rencontrer des personnes partageant la m\u00eame passion. <\/p>\n\n\n\n<p>L&rsquo;association Yog&amp;cham Sang Asso &#8211; YSA propose de faciliter le partage des pratiques acquises au sein de ces stages une fois ces derniers accomplis. Il est bien \u00e9videmment possible d&rsquo;adh\u00e9rer \u00e0 l&rsquo;association sans avoir r\u00e9alis\u00e9 ces stages, qui ne constituent en rien un pr\u00e9requis \u00e0 l&rsquo;adh\u00e9sion \u00e0 Yog&amp;cham Sangh Asso.<\/p>\n\n\n\n<p>La promotion des activit\u00e9s de Pierre Mendras et Sandrine Rossarie au sein de www.yoga-chamanisme.com est \u00e0 consid\u00e9rer ici \u00e0 titre informatif, en tant qu&rsquo;\u00e9v\u00e9nements en pr\u00e9sentiel parmi d&rsquo;autres reli\u00e9s \u00e0 l&rsquo;objet de l&rsquo;association. L&rsquo;association Yog&amp;cham Sangh Asso appuie par ailleurs la promotion d&rsquo;autres organismes proposant des activit\u00e9s analogues, comme celles par exemple provenant de la FSS (<a href=\"https:\/\/fsschamanismefrance.fr\/\">https:\/\/fsschamanismefrance.fr\/<\/a>).<\/p>\n\n\n\n<p class=\"has-text-align-center\"><a href=\"https:\/\/yoga-chamanisme.com\/\" target=\"_blank\" rel=\"noreferrer noopener\">www.yoga-chamanisme.com<\/a><\/p>\n\n\n<div class=\"wp-block-image\">\n<figure class=\"aligncenter size-large is-resized\"><a href=\"https:\/\/yoga-chamanisme.com\/\" target=\"_blank\" rel=\" noreferrer noopener\"><img loading=\"lazy\" decoding=\"async\" width=\"1024\" height=\"1024\" src=\"https:\/\/yogcham-sangh-asso.fr\/wp-content\/uploads\/2025\/04\/7414A8AC-4C5F-443D-B22A-FA41E47A062C-1024x1024.jpg\" alt=\"\" class=\"wp-image-86\" style=\"width:345px;height:auto\" srcset=\"https:\/\/yogcham-sangh-asso.fr\/wp-content\/uploads\/2025\/04\/7414A8AC-4C5F-443D-B22A-FA41E47A062C-1024x1024.jpg 1024w, https:\/\/yogcham-sangh-asso.fr\/wp-content\/uploads\/2025\/04\/7414A8AC-4C5F-443D-B22A-FA41E47A062C-300x300.jpg 300w, https:\/\/yogcham-sangh-asso.fr\/wp-content\/uploads\/2025\/04\/7414A8AC-4C5F-443D-B22A-FA41E47A062C-150x150.jpg 150w, https:\/\/yogcham-sangh-asso.fr\/wp-content\/uploads\/2025\/04\/7414A8AC-4C5F-443D-B22A-FA41E47A062C-768x768.jpg 768w, https:\/\/yogcham-sangh-asso.fr\/wp-content\/uploads\/2025\/04\/7414A8AC-4C5F-443D-B22A-FA41E47A062C.jpg 1440w\" sizes=\"auto, (max-width: 1024px) 100vw, 1024px\" \/><\/a><\/figure>\n<\/div>\n\n\n<p><\/p>\n","protected":false},"excerpt":{"rendered":"<p>Weekend au Lac du Der &#8211; Sam 19 sept Dim 20 sept 2026 &#8211; Marne 51 Week-end Nature au Lac du Der &#8211; 18 &amp; 19 septembre 2026 La proposition : un week-end tout en douceur en nature, au Lac &hellip; <a href=\"https:\/\/yogcham-sangh-asso.fr\/index.php\/evenements-en-presentiel\/\">Lire la suite\u00ad\u00ad<\/a><\/p>\n","protected":false},"author":1,"featured_media":0,"parent":0,"menu_order":0,"comment_status":"closed","ping_status":"closed","template":"","meta":{"kt_blocks_editor_width":"","footnotes":""},"class_list":["post-51","page","type-page","status-publish","hentry"],"_links":{"self":[{"href":"https:\/\/yogcham-sangh-asso.fr\/index.php\/wp-json\/wp\/v2\/pages\/51","targetHints":{"allow":["GET"]}}],"collection":[{"href":"https:\/\/yogcham-sangh-asso.fr\/index.php\/wp-json\/wp\/v2\/pages"}],"about":[{"href":"https:\/\/yogcham-sangh-asso.fr\/index.php\/wp-json\/wp\/v2\/types\/page"}],"author":[{"embeddable":true,"href":"https:\/\/yogcham-sangh-asso.fr\/index.php\/wp-json\/wp\/v2\/users\/1"}],"replies":[{"embeddable":true,"href":"https:\/\/yogcham-sangh-asso.fr\/index.php\/wp-json\/wp\/v2\/comments?post=51"}],"version-history":[{"count":21,"href":"https:\/\/yogcham-sangh-asso.fr\/index.php\/wp-json\/wp\/v2\/pages\/51\/revisions"}],"predecessor-version":[{"id":334,"href":"https:\/\/yogcham-sangh-asso.fr\/index.php\/wp-json\/wp\/v2\/pages\/51\/revisions\/334"}],"wp:attachment":[{"href":"https:\/\/yogcham-sangh-asso.fr\/index.php\/wp-json\/wp\/v2\/media?parent=51"}],"curies":[{"name":"wp","href":"https:\/\/api.w.org\/{rel}","templated":true}]}}